{"id":14,"date":"2008-03-17T12:16:24","date_gmt":"2008-03-17T11:16:24","guid":{"rendered":"http:\/\/wp1033296.wp056.webpack.hosteurope.de\/sgniederkainsbach\/?page_id=14"},"modified":"2023-11-20T08:01:02","modified_gmt":"2023-11-20T07:01:02","slug":"alte-herren","status":"publish","type":"page","link":"https:\/\/www.sgniederkainsbach.de\/?page_id=14","title":{"rendered":"Alte Herren"},"content":{"rendered":"<h6>Die Alten Herren am 18. April 2018<\/h6>\n<p><img loading=\"lazy\" decoding=\"async\" width=\"1038\" height=\"576\" class=\"alignleft size-full wp-image-9875\" src=\"\/wp-content\/uploads\/2018\/10\/Alte_Herrern_2018-04-18.jpg\" alt=\"Die Alten Herren am 18. April 2018\" srcset=\"https:\/\/www.sgniederkainsbach.de\/wp-content\/uploads\/2018\/10\/Alte_Herrern_2018-04-18.jpg 1038w, https:\/\/www.sgniederkainsbach.de\/wp-content\/uploads\/2018\/10\/Alte_Herrern_2018-04-18-768x426.jpg 768w\" sizes=\"auto, (max-width: 1038px) 100vw, 1038px\" \/><br \/>\nHintere Reihe v.l. Jochen Schimpf, Daniel Lange, Dariusz Glomb, Holger Baltz, Thomas G\u00f6tz, Werner Schollenberger, Stephan Ripper, Simon Bishop, Michael Ritter, Felix Wanning, Thomas Kredel, Dieter G\u00f6lz und Hans Werner.<br \/>\nVordere Reihe v.l. Tayfun Sor, Klaus Kempf, Michael Scholl, Klaus Dworschak, Angelo Reeg und J\u00f6rg Schmiedeke.<\/p>\n<h6>Die Alten Herren am 30. August 2013<\/h6>\n<p><img loading=\"lazy\" decoding=\"async\" width=\"1038\" height=\"576\" class=\"alignleft size-full wp-image-5895\" src=\"\/wp-content\/uploads\/2008\/03\/alte_herren_2013-08-30.jpg\" alt=\"Die Alten Herren am 30. August 2013\" \/><br \/>\nHintere Reihe v.l. Werner Krupp, Klaus Dworschak, Holger Baltz, Angelo Reeg, Michael Ritter, Gerd Trautmann, Ralf Neuschwander, Dirk Kowarsch, Simon Bishop, Werner Schollenberger, Lothar Beilstein, Reinhard Lannert und Jochen Schimpf.<br \/>\nVordere Reihe v.l. G\u00fcnter Trautmann, Klaus Kempf, Dieter G\u00f6lz, Christian Herz, Michael Scholl, Hans-J\u00f6rg H\u00f6pfner, Daniel Lange, Helmut Neff und Ludwig Schmucker.<\/p>\n<h6>Die Alten Herren am 20. Juni 2009<\/h6>\n<p><img loading=\"lazy\" decoding=\"async\" width=\"900\" height=\"600\" class=\"alignleft size-full wp-image-7226\" src=\"\/wp-content\/uploads\/2008\/03\/alte_herren_2009-06-20.jpg\" alt=\"Die Alten Herren am 20. Juni 2009\" \/>Hintere Reihe v.l. Walter Barton, Thomas Schropp, Armin Heid, Jochen Schimpf, Markus Klemm, J\u00f6rg H\u00f6pfner, Reiner Lannert, Werner Schollenberger und Jochen Sterz.<br \/>\nVordere Reihe v.l. Gerd Trautmann, Helmut Neff, Thomas Kredel, J\u00fcrgen Abraham, Norbert Tenz und Angelo Reeg. Liegend Schlussmann Ronald Buch.<\/p>\n<h6>Die Alten Herren am 16. September 2006<\/h6>\n<p><img loading=\"lazy\" decoding=\"async\" width=\"900\" height=\"524\" class=\"alignleft size-full wp-image-7228\" src=\"\/wp-content\/uploads\/2008\/03\/alte_herren_2006-09-16.jpg\" alt=\"Die Alten Herren am 16. September 2006\" \/><br \/>\nHintere Reihe v.l. Markus Ramge, Reiner Lannert, Manfred Kabel, Gerd Trautmann, J\u00fcrgen Abraham, Michael Walter, Helmut Neff, Uwe Radl, Hans Sch\u00f6ps und Ludwig Schmucker.<br \/>\nVordere Reihe v.l. Norbert Tenz, Armin Heid, Thomas Kredel, G\u00fcnter Trautmann, Jens Adelberger, Hans-J\u00f6rg H\u00f6pfner, Klaus Dworschak, Klaus Kempf, und Lothar Beilstein.<br \/>\nEs fehlen Dieter G\u00f6tz, Ben Ogwua, Jochen Sterz, Gerhard Didion und Dirk Kowarsch.<\/p>\n<h6>Die Alten Herren am 24. Mai 2002<\/h6>\n<p><img loading=\"lazy\" decoding=\"async\" width=\"900\" height=\"600\" class=\"alignleft size-full wp-image-7230\" src=\"\/wp-content\/uploads\/2008\/03\/alte_herren_2002-05-24.jpg\" alt=\"Die Alten Herren am 24. Mai 2002\" \/>Hintere Reihe v.l. Ludwig Schmucker, Gerhard Didion, Michael Bartl, Matthias Baron, Rolf Weber, Jochen Sterz, Armin Graser, Reiner Fornoff, Philipp Giegerich und Hans Werner.<br \/>\nMittlere Reihe v.l. Reiner Lannert, Gerd Trautmann, J\u00fcrgen Abraham, G\u00fcnter Reeg, Michael Branski, Hans-J\u00f6rg H\u00f6pfner, Rolf Fuchs, Werner K\u00f6hler und Georg Kredel.<br \/>\nVordere Reihe v.l. Dieter G\u00f6lz, Theo Vermeulen, Horst Rudolf, Thomas Kredel, Jens Adelberger, Gerd Unger, Heiko Nehring, Helmut Neff und Armin Heid.<\/p>\n","protected":false},"excerpt":{"rendered":"<p>Die Alten Herren am 18. April 2018 Hintere Reihe v.l. Jochen Schimpf, Daniel Lange, Dariusz Glomb, Holger Baltz, Thomas G\u00f6tz, Werner Schollenberger, Stephan Ripper, Simon Bishop, Michael Ritter, Felix Wanning, Thomas Kredel, Dieter G\u00f6lz und Hans Werner. Vordere Reihe v.l. Tayfun Sor, Klaus Kempf, Michael Scholl, Klaus Dworschak, Angelo Reeg und J\u00f6rg Schmiedeke. Die Alten &hellip; <a href=\"https:\/\/www.sgniederkainsbach.de\/?page_id=14\" class=\"more-link\"><span class=\"screen-reader-text\">Alte Herren<\/span> weiterlesen <span class=\"meta-nav\">&rarr;<\/span><\/a><\/p>\n","protected":false},"author":6,"featured_media":5895,"parent":0,"menu_order":6000,"comment_status":"open","ping_status":"closed","template":"","meta":{"footnotes":""},"class_list":["post-14","page","type-page","status-publish","has-post-thumbnail","hentry"],"_links":{"self":[{"href":"https:\/\/www.sgniederkainsbach.de\/index.php?rest_route=\/wp\/v2\/pages\/14","targetHints":{"allow":["GET"]}}],"collection":[{"href":"https:\/\/www.sgniederkainsbach.de\/index.php?rest_route=\/wp\/v2\/pages"}],"about":[{"href":"https:\/\/www.sgniederkainsbach.de\/index.php?rest_route=\/wp\/v2\/types\/page"}],"author":[{"embeddable":true,"href":"https:\/\/www.sgniederkainsbach.de\/index.php?rest_route=\/wp\/v2\/users\/6"}],"replies":[{"embeddable":true,"href":"https:\/\/www.sgniederkainsbach.de\/index.php?rest_route=%2Fwp%2Fv2%2Fcomments&post=14"}],"version-history":[{"count":30,"href":"https:\/\/www.sgniederkainsbach.de\/index.php?rest_route=\/wp\/v2\/pages\/14\/revisions"}],"predecessor-version":[{"id":12820,"href":"https:\/\/www.sgniederkainsbach.de\/index.php?rest_route=\/wp\/v2\/pages\/14\/revisions\/12820"}],"wp:featuredmedia":[{"embeddable":true,"href":"https:\/\/www.sgniederkainsbach.de\/index.php?rest_route=\/wp\/v2\/media\/5895"}],"wp:attachment":[{"href":"https:\/\/www.sgniederkainsbach.de\/index.php?rest_route=%2Fwp%2Fv2%2Fmedia&parent=14"}],"curies":[{"name":"wp","href":"https:\/\/api.w.org\/{rel}","templated":true}]}}